{"id":134,"date":"2013-01-19T10:21:09","date_gmt":"2013-01-19T14:51:09","guid":{"rendered":"http:\/\/infomonagas.com\/sitio\/?page_id=134"},"modified":"2023-12-03T19:55:45","modified_gmt":"2023-12-03T23:55:45","slug":"simbolos-patrios-del-estado-monagas","status":"publish","type":"page","link":"https:\/\/infomonagas.com\/sitio\/simbolos-patrios-del-estado-monagas\/","title":{"rendered":"Si\u00admbolos Patrios del Estado Monagas"},"content":{"rendered":"<p><span style=\"font-family: Verdana, Arial, Helvetica, sans-serif; font-size: medium;\"><span style=\"font-family: Verdana, Arial, Helvetica, sans-serif; font-size: medium;\"><b>Escudo<\/b><\/span><b style=\"font-family: Verdana, Arial, Helvetica, sans-serif; font-size: medium;\"> <\/b><strong style=\"font-family: Verdana, Arial, Helvetica, sans-serif; font-size: medium;\">del Estado Monagas<\/strong><\/span><\/p>\n<p>El\u00a0<b>08 de Noviembre 1909<\/b>, se decret\u00f3 adoptar para el Estado Monagas el Escudo del antiguo Estado Maturin, obra maestra realizada por el artista barcelon\u00e9s Ram\u00f3n Bolet.<\/p>\n<p><a href=\"http:\/\/infomonagas.com\/sitio\/wp-content\/uploads\/2023\/12\/Escudo-Monagas.jpg\"><img fetchpriority=\"high\" decoding=\"async\" class=\"alignnone size-full wp-image-1023\" src=\"http:\/\/infomonagas.com\/sitio\/wp-content\/uploads\/2023\/12\/Escudo-Monagas.jpg\" alt=\"\" width=\"254\" height=\"300\" \/><\/a><\/p>\n<p><span style=\"font-family: Verdana, Arial, Helvetica, sans-serif; font-size: medium;\"><span style=\"font-family: Verdana, Arial, Helvetica, sans-serif; font-size: medium;\"><b>Bandera\u00a0<\/b><\/span><\/span><strong><span style=\"font-family: Verdana, Arial, Helvetica, sans-serif; font-size: medium;\">del Estado Monagas<\/span><\/strong><\/p>\n<p><a href=\"http:\/\/infomonagas.com\/sitio\/wp-content\/uploads\/2023\/12\/Bandera-Monagas-700x400-1.png\"><img decoding=\"async\" class=\"alignnone size-medium wp-image-1024\" src=\"http:\/\/infomonagas.com\/sitio\/wp-content\/uploads\/2023\/12\/Bandera-Monagas-700x400-1-300x200.png\" alt=\"\" width=\"300\" height=\"200\" srcset=\"https:\/\/infomonagas.com\/sitio\/wp-content\/uploads\/2023\/12\/Bandera-Monagas-700x400-1-300x200.png 300w, https:\/\/infomonagas.com\/sitio\/wp-content\/uploads\/2023\/12\/Bandera-Monagas-700x400-1.png 700w\" sizes=\"(max-width: 300px) 100vw, 300px\" \/><\/a><\/p>\n<p><strong><span style=\"font-family: Verdana, Arial, Helvetica, sans-serif; font-size: small;\">Autor:<br \/>\n<\/span><\/strong><span style=\"font-family: Verdana, Arial, Helvetica, sans-serif; font-size: small;\">Julio<br \/>\nCesar Adri\u00e1n<\/span><\/p>\n<h3 style=\"text-align: center;\">Himno del Estado Monagas<\/h3>\n<p style=\"text-align: center;\"><b>CORO<\/b><\/p>\n<p style=\"text-align: center;\"><i>Por la patria haya toques de diana;<\/i><\/p>\n<p style=\"text-align: center;\"><i>por la patria resuene el clar\u00edn;<\/i><\/p>\n<p style=\"text-align: center;\"><i>Y conserve la paz siempre ufana<\/i><\/p>\n<p style=\"text-align: center;\"><i>de su historia la fiel Matur\u00edn.<\/i><\/p>\n<p style=\"text-align: center;\"><b>I<\/b><\/p>\n<p style=\"text-align: center;\"><i>Matur\u00edn, tus llanuras y vegas,<\/i><\/p>\n<p style=\"text-align: center;\"><i>altas cumbres y bosques umbr\u00edos,<\/i><\/p>\n<p style=\"text-align: center;\"><i>tus hermosas, palmeras y r\u00edos,<\/i><\/p>\n<p style=\"text-align: center;\"><i>son de dicha de gran por venir.<\/i><\/p>\n<p style=\"text-align: center;\"><i>ignorada del mundo, t\u00fa eres,<\/i><\/p>\n<p style=\"text-align: center;\"><i>lo que expresa orgulloso tu escudo:<\/i><\/p>\n<p style=\"text-align: center;\"><i>\u00abhaz de bienes y glorias que pudo<\/i><\/p>\n<p style=\"text-align: center;\"><i>sus derechos a ser libre reunir\u00bb.<\/i><\/p>\n<p style=\"text-align: center;\"><b>II<\/b><\/p>\n<p style=\"text-align: center;\"><i>De Monagas el nombre que llevas<\/i><\/p>\n<p style=\"text-align: center;\"><i>Matur\u00edn, otros mil enaltece:<\/i><\/p>\n<p style=\"text-align: center;\"><i>fue tu hijo preclaro y merece<\/i><\/p>\n<p style=\"text-align: center;\"><i>que Ribas, Berm\u00fadez y Piar.<\/i><\/p>\n<p style=\"text-align: center;\"><i>Entre todos resaltan aquellos<\/i><\/p>\n<p style=\"text-align: center;\"><i>que con Sanz, Paz Castillo y Zaraza,<\/i><\/p>\n<p style=\"text-align: center;\"><i>por el timbre debido a tu raza,<\/i><\/p>\n<p style=\"text-align: center;\"><i>fueron h\u00e9roes de ella a la par.<\/i><\/p>\n<p style=\"text-align: center;\"><b>III<\/b><\/p>\n<p style=\"text-align: center;\"><i>Cinco acciones campales libraron:<\/i><\/p>\n<p style=\"text-align: center;\"><i>tres de gloria, las otras de duelo;<\/i><\/p>\n<p style=\"text-align: center;\"><i>y en todas le cupo a tu suelo<\/i><\/p>\n<p style=\"text-align: center;\"><i>el renombre, la fama, el honor.<\/i><\/p>\n<p style=\"text-align: center;\"><i>Jam\u00e1s quiso rendirse tu plaza<\/i><\/p>\n<p style=\"text-align: center;\"><i>al feroz espa\u00f1ol, al canario,<\/i><\/p>\n<p style=\"text-align: center;\"><i>ni al de Am\u00e9rica, vil mercenario<\/i><\/p>\n<p style=\"text-align: center;\"><i>que, sirvi\u00e9ndole al rey, fue traidor.<\/i><\/p>\n<p style=\"text-align: center;\"><b>IV<\/b><\/p>\n<p style=\"text-align: center;\"><i>De tus propias cenizas alzada,<\/i><\/p>\n<p style=\"text-align: center;\"><i>como el f\u00e9nix tornaste a la vida:<\/i><\/p>\n<p style=\"text-align: center;\"><i>y ya puedes del lampo atra\u00eddo,<\/i><\/p>\n<p style=\"text-align: center;\"><i>a m\u00e1s altos destinos volar.<\/i><\/p>\n<p style=\"text-align: center;\"><i>Alas tienes: las armas guerreras<\/i><\/p>\n<p style=\"text-align: center;\"><i>vuelve un hacha, un arado, una sierra,<\/i><\/p>\n<p style=\"text-align: center;\"><i>y veras que tus hijos la tierra<\/i><\/p>\n<p style=\"text-align: center;\"><i>pan les brinda, ventura y hogar.<\/i><\/p>\n<p align=\"center\"><span style=\"font-family: Verdana, Arial, Helvetica, sans-serif; font-size: small;\"><strong>Letra:<\/strong><br \/>\nLetra: Idelfonso N\u00fa\u00f1ez<br \/>\nM\u00fasica: Carlos Mohle<\/span><\/p>\n<p>Seg\u00fan los resultados de mi b\u00fasqueda, la letra del himno del estado Monagas fue escrita por\u00a0<strong>Idelfonso N\u00fa\u00f1ez Mares<\/strong>, un poeta venezolano nacido en Matur\u00edn en 1858.\u00a0El himno se llamaba originalmente Himno Patri\u00f3tico a Matur\u00edn y fue decretado como himno oficial del estado por resoluci\u00f3n del gobierno el 24 de octubre de 1910.\u00a0La m\u00fasica del himno fue compuesta por\u00a0<strong>Carlos M\u00f6hle<\/strong>, un m\u00fasico alem\u00e1n que vivi\u00f3 en Venezuela desde 1887.\u00a0El himno expresa la grandeza del territorio monaguense y el hero\u00edsmo de sus hijos en la lucha por la independencia.<\/p>\n","protected":false},"excerpt":{"rendered":"<p>Escudo del Estado Monagas El\u00a008 de Noviembre 1909, se decret\u00f3 adoptar para el Estado Monagas el Escudo del<\/p>\n","protected":false},"author":1,"featured_media":0,"parent":0,"menu_order":0,"comment_status":"closed","ping_status":"closed","template":"","meta":{"footnotes":""},"_links":{"self":[{"href":"https:\/\/infomonagas.com\/sitio\/wp-json\/wp\/v2\/pages\/134"}],"collection":[{"href":"https:\/\/infomonagas.com\/sitio\/wp-json\/wp\/v2\/pages"}],"about":[{"href":"https:\/\/infomonagas.com\/sitio\/wp-json\/wp\/v2\/types\/page"}],"author":[{"embeddable":true,"href":"https:\/\/infomonagas.com\/sitio\/wp-json\/wp\/v2\/users\/1"}],"replies":[{"embeddable":true,"href":"https:\/\/infomonagas.com\/sitio\/wp-json\/wp\/v2\/comments?post=134"}],"version-history":[{"count":6,"href":"https:\/\/infomonagas.com\/sitio\/wp-json\/wp\/v2\/pages\/134\/revisions"}],"predecessor-version":[{"id":1027,"href":"https:\/\/infomonagas.com\/sitio\/wp-json\/wp\/v2\/pages\/134\/revisions\/1027"}],"wp:attachment":[{"href":"https:\/\/infomonagas.com\/sitio\/wp-json\/wp\/v2\/media?parent=134"}],"curies":[{"name":"wp","href":"https:\/\/api.w.org\/{rel}","templated":true}]}}